{"id":171,"date":"2020-01-31T08:38:50","date_gmt":"2020-01-31T08:38:50","guid":{"rendered":"https:\/\/seg-ober-ramstadt.de\/?page_id=171"},"modified":"2025-09-17T07:36:55","modified_gmt":"2025-09-17T07:36:55","slug":"aus-alter-buecherei-wurde-neue-stadtbibliothek-seg-projekt-abgeschlossen","status":"publish","type":"page","link":"https:\/\/seg-ober-ramstadt.de\/?page_id=171","title":{"rendered":"Neuer Gesch\u00e4ftsf\u00fchrer der SEG"},"content":{"rendered":"\n<p>Nach f\u00fcnf Jahren und zahlreichen Projekten verabschieden wir unseren bisherigen Gesch\u00e4ftsf\u00fchrer, Herrn Klaus-Peter Kemper, der die Stadtentwicklungsgesellschaft Ober-Ramstadt mbH zum 31. Juli 2025 auf eigenen Wunsch verl\u00e4sst. Wir danken ihm herzlich f\u00fcr sein gro\u00dfes Engagement und die konstruktive Zusammenarbeit in den vergangenen Jahren.<\/p>\n\n\n\n<p>Zum selben Zeitpunkt \u00fcbernimmt Herr Arne Kilian die Gesch\u00e4ftsf\u00fchrung der SEG neben dem langj\u00e4hrigen Gesch\u00e4ftsf\u00fchrer Herrn Martin Bullermann. Wir freuen uns auf einen erfolgreichen gemeinsamen Weg und w\u00fcnschen viel Erfolg f\u00fcr die zuk\u00fcnftigen Aufgaben.<\/p>\n\n\n\n<figure class=\"wp-block-gallery has-nested-images columns-default is-cropped wp-block-gallery-1 is-layout-flex wp-block-gallery-is-layout-flex\"><\/figure>\n","protected":false},"excerpt":{"rendered":"<p>Nach f\u00fcnf Jahren und zahlreichen Projekten verabschieden wir unseren bisherigen Gesch\u00e4ftsf\u00fchrer, Herrn Klaus-Peter Kemper, der die Stadtentwicklungsgesellschaft Ober-Ramstadt mbH zum 31. Juli 2025 auf eigenen Wunsch verl\u00e4sst. Wir danken ihm herzlich f\u00fcr sein gro\u00dfes Engagement und die konstruktive Zusammenarbeit in den vergangenen Jahren. Zum selben Zeitpunkt \u00fcbernimmt Herr Arne Kilian die Gesch\u00e4ftsf\u00fchrung der SEG neben [&hellip;]<\/p>\n","protected":false},"author":1,"featured_media":942,"parent":0,"menu_order":3,"comment_status":"closed","ping_status":"closed","template":"","meta":{"footnotes":""},"class_list":["post-171","page","type-page","status-publish","has-post-thumbnail","hentry"],"_links":{"self":[{"href":"https:\/\/seg-ober-ramstadt.de\/index.php?rest_route=\/wp\/v2\/pages\/171","targetHints":{"allow":["GET"]}}],"collection":[{"href":"https:\/\/seg-ober-ramstadt.de\/index.php?rest_route=\/wp\/v2\/pages"}],"about":[{"href":"https:\/\/seg-ober-ramstadt.de\/index.php?rest_route=\/wp\/v2\/types\/page"}],"author":[{"embeddable":true,"href":"https:\/\/seg-ober-ramstadt.de\/index.php?rest_route=\/wp\/v2\/users\/1"}],"replies":[{"embeddable":true,"href":"https:\/\/seg-ober-ramstadt.de\/index.php?rest_route=%2Fwp%2Fv2%2Fcomments&post=171"}],"version-history":[{"count":43,"href":"https:\/\/seg-ober-ramstadt.de\/index.php?rest_route=\/wp\/v2\/pages\/171\/revisions"}],"predecessor-version":[{"id":941,"href":"https:\/\/seg-ober-ramstadt.de\/index.php?rest_route=\/wp\/v2\/pages\/171\/revisions\/941"}],"wp:featuredmedia":[{"embeddable":true,"href":"https:\/\/seg-ober-ramstadt.de\/index.php?rest_route=\/wp\/v2\/media\/942"}],"wp:attachment":[{"href":"https:\/\/seg-ober-ramstadt.de\/index.php?rest_route=%2Fwp%2Fv2%2Fmedia&parent=171"}],"curies":[{"name":"wp","href":"https:\/\/api.w.org\/{rel}","templated":true}]}}