{"id":783,"date":"2022-10-07T12:11:29","date_gmt":"2022-10-07T12:11:29","guid":{"rendered":"https:\/\/seg-ober-ramstadt.de\/?page_id=783"},"modified":"2023-07-11T15:15:41","modified_gmt":"2023-07-11T15:15:41","slug":"fertigstellung-der-letzten-verkehrsflaechen-im-miag-gelaende","status":"publish","type":"page","link":"https:\/\/seg-ober-ramstadt.de\/?page_id=783","title":{"rendered":"Am Samstag, den 8. Juli 2023 wurde die Er\u00f6ffnung gefeiert"},"content":{"rendered":"\n<p>B\u00fcrgermeister Tobias Silbereis hat am Samstag, den 8. Juli 2023 um 14:00 Uhr feierlich den MIAG-Quartiersplatzes und das Pf\u00f6rtnerhaus er\u00f6ffnet. \u00dcber die Entwicklung des MIAG-Gel\u00e4ndes, den Abriss sowie den Aufbau des Wohngebietes hat Herr Bullermann im Namen der Stadtentwicklungsgesellschaft Ober-Ramstadt (SEG) informiert. Es waren unter anderem Anwohner, B\u00fcrgerinnen und B\u00fcrger, Mitglieder des Aufsichtsrates der SEG, Mitarbeiter der Stadt, Mitarbeiter der Beh\u00f6rden sowie Baubeteiligte geladen.<\/p>\n\n\n\n<p>Trotz hoher Temperaturen kamen Viele der Einladung nach. Es gab W\u00fcrstchen, k\u00fchle Getr\u00e4nke sowie zur Belustigung der Kinder eine H\u00fcpfburg und die B\u00e4nke auf dem Quartiersplatz fanden hohen Zuspruch.<\/p>\n\n\n\n<p>Der Verein Freunde Historischer Fahrzeuge Ober-Ramstadt (FHFO) stellte einige seiner schmucken Oldtimer aus und im Pf\u00f6rtnerhaus wurde eine Fotoausstellung zur historischen Entwicklung des MIAG-Gel\u00e4ndes gezeigt.<\/p>\n\n\n\n<p>Im denkmalgetreu nachgebauten Pf\u00f6rtnerhaus soll es zuk\u00fcnftig eine wechselnde Nutzung f\u00fcr Ausstellungen, Sprechstunden und Kultur geben. Der Quartiersplatz soll ein Ort der Zusammenkunft sein.<\/p>\n\n\n\n<figure class=\"wp-block-gallery has-nested-images columns-default is-cropped wp-block-gallery-1 is-layout-flex wp-block-gallery-is-layout-flex\">\n<figure class=\"wp-block-image size-large\"><img loading=\"lazy\" decoding=\"async\" width=\"1024\" height=\"752\" data-id=\"840\" src=\"https:\/\/seg-ober-ramstadt.de\/wp-content\/uploads\/2023\/07\/2-P7080020-1024x752.jpg\" alt=\"\" class=\"wp-image-840\" srcset=\"https:\/\/seg-ober-ramstadt.de\/wp-content\/uploads\/2023\/07\/2-P7080020-1024x752.jpg 1024w, https:\/\/seg-ober-ramstadt.de\/wp-content\/uploads\/2023\/07\/2-P7080020-300x220.jpg 300w, https:\/\/seg-ober-ramstadt.de\/wp-content\/uploads\/2023\/07\/2-P7080020-768x564.jpg 768w, https:\/\/seg-ober-ramstadt.de\/wp-content\/uploads\/2023\/07\/2-P7080020-1536x1128.jpg 1536w, https:\/\/seg-ober-ramstadt.de\/wp-content\/uploads\/2023\/07\/2-P7080020.jpg 1864w\" sizes=\"auto, (max-width: 1024px) 100vw, 1024px\" \/><figcaption class=\"wp-element-caption\">OLYMPUS DIGITAL CAMERA<\/figcaption><\/figure>\n\n\n\n<figure class=\"wp-block-image size-large\"><img loading=\"lazy\" decoding=\"async\" width=\"852\" height=\"1024\" data-id=\"846\" src=\"https:\/\/seg-ober-ramstadt.de\/wp-content\/uploads\/2023\/07\/230701_Pfoertnerhaus_DA_Echo-852x1024.jpg\" alt=\"\" class=\"wp-image-846\" srcset=\"https:\/\/seg-ober-ramstadt.de\/wp-content\/uploads\/2023\/07\/230701_Pfoertnerhaus_DA_Echo-852x1024.jpg 852w, https:\/\/seg-ober-ramstadt.de\/wp-content\/uploads\/2023\/07\/230701_Pfoertnerhaus_DA_Echo-250x300.jpg 250w, https:\/\/seg-ober-ramstadt.de\/wp-content\/uploads\/2023\/07\/230701_Pfoertnerhaus_DA_Echo-768x923.jpg 768w, https:\/\/seg-ober-ramstadt.de\/wp-content\/uploads\/2023\/07\/230701_Pfoertnerhaus_DA_Echo-1279x1536.jpg 1279w, https:\/\/seg-ober-ramstadt.de\/wp-content\/uploads\/2023\/07\/230701_Pfoertnerhaus_DA_Echo-1705x2048.jpg 1705w\" sizes=\"auto, (max-width: 852px) 100vw, 852px\" \/><\/figure>\n\n\n\n<figure class=\"wp-block-image size-large\"><img loading=\"lazy\" decoding=\"async\" width=\"1024\" height=\"768\" data-id=\"841\" src=\"https:\/\/seg-ober-ramstadt.de\/wp-content\/uploads\/2023\/07\/P7080016-1024x768.jpg\" alt=\"\" class=\"wp-image-841\" srcset=\"https:\/\/seg-ober-ramstadt.de\/wp-content\/uploads\/2023\/07\/P7080016-1024x768.jpg 1024w, https:\/\/seg-ober-ramstadt.de\/wp-content\/uploads\/2023\/07\/P7080016-300x225.jpg 300w, https:\/\/seg-ober-ramstadt.de\/wp-content\/uploads\/2023\/07\/P7080016-768x576.jpg 768w, https:\/\/seg-ober-ramstadt.de\/wp-content\/uploads\/2023\/07\/P7080016-1536x1152.jpg 1536w, https:\/\/seg-ober-ramstadt.de\/wp-content\/uploads\/2023\/07\/P7080016-2048x1536.jpg 2048w\" sizes=\"auto, (max-width: 1024px) 100vw, 1024px\" \/><figcaption class=\"wp-element-caption\">OLYMPUS DIGITAL CAMERA<\/figcaption><\/figure>\n<\/figure>\n","protected":false},"excerpt":{"rendered":"<p>B\u00fcrgermeister Tobias Silbereis hat am Samstag, den 8. Juli 2023 um 14:00 Uhr feierlich den MIAG-Quartiersplatzes und das Pf\u00f6rtnerhaus er\u00f6ffnet. \u00dcber die Entwicklung des MIAG-Gel\u00e4ndes, den Abriss sowie den Aufbau des Wohngebietes hat Herr Bullermann im Namen der Stadtentwicklungsgesellschaft Ober-Ramstadt (SEG) informiert. Es waren unter anderem Anwohner, B\u00fcrgerinnen und B\u00fcrger, Mitglieder des Aufsichtsrates der SEG, [&hellip;]<\/p>\n","protected":false},"author":5,"featured_media":0,"parent":8,"menu_order":2,"comment_status":"closed","ping_status":"closed","template":"","meta":{"footnotes":""},"class_list":["post-783","page","type-page","status-publish","hentry"],"_links":{"self":[{"href":"https:\/\/seg-ober-ramstadt.de\/index.php?rest_route=\/wp\/v2\/pages\/783","targetHints":{"allow":["GET"]}}],"collection":[{"href":"https:\/\/seg-ober-ramstadt.de\/index.php?rest_route=\/wp\/v2\/pages"}],"about":[{"href":"https:\/\/seg-ober-ramstadt.de\/index.php?rest_route=\/wp\/v2\/types\/page"}],"author":[{"embeddable":true,"href":"https:\/\/seg-ober-ramstadt.de\/index.php?rest_route=\/wp\/v2\/users\/5"}],"replies":[{"embeddable":true,"href":"https:\/\/seg-ober-ramstadt.de\/index.php?rest_route=%2Fwp%2Fv2%2Fcomments&post=783"}],"version-history":[{"count":11,"href":"https:\/\/seg-ober-ramstadt.de\/index.php?rest_route=\/wp\/v2\/pages\/783\/revisions"}],"predecessor-version":[{"id":847,"href":"https:\/\/seg-ober-ramstadt.de\/index.php?rest_route=\/wp\/v2\/pages\/783\/revisions\/847"}],"up":[{"embeddable":true,"href":"https:\/\/seg-ober-ramstadt.de\/index.php?rest_route=\/wp\/v2\/pages\/8"}],"wp:attachment":[{"href":"https:\/\/seg-ober-ramstadt.de\/index.php?rest_route=%2Fwp%2Fv2%2Fmedia&parent=783"}],"curies":[{"name":"wp","href":"https:\/\/api.w.org\/{rel}","templated":true}]}}