{"id":8,"date":"2019-03-06T16:09:03","date_gmt":"2019-03-06T16:09:03","guid":{"rendered":"https:\/\/seg-ober-ramstadt.de\/?page_id=8"},"modified":"2022-05-02T13:11:10","modified_gmt":"2022-05-02T13:11:10","slug":"miag-gelande","status":"publish","type":"page","link":"https:\/\/seg-ober-ramstadt.de\/?page_id=8","title":{"rendered":"MIAG"},"content":{"rendered":"\n<h4 class=\"wp-block-heading\">Vom ehemaligen Industriegrundst\u00fcck zum lebendigen Stadtteil<\/h4>\n\n\n\n<p>MIAG-Gel\u00e4nde \u2013 ein ehemaliges Industriegrundst\u00fcck mitten  im Herzen der Stadt Ober-Ramstadt. Hier entstand ein  lebendiges neues Stadtviertel zum Wohnen, Arbeiten und zur Erholung f\u00fcr  junge und \u00e4ltere Menschen.<\/p>\n\n\n\n<figure class=\"wp-block-gallery columns-3 is-cropped wp-block-gallery-1 is-layout-flex wp-block-gallery-is-layout-flex\"><ul class=\"blocks-gallery-grid\"><li class=\"blocks-gallery-item\"><figure><a href=\"https:\/\/seg-ober-ramstadt.de\/wp-content\/uploads\/2020\/01\/Bild_1-e1583329867126.jpg\"><img loading=\"lazy\" decoding=\"async\" width=\"350\" height=\"235\" src=\"https:\/\/seg-ober-ramstadt.de\/wp-content\/uploads\/2020\/01\/Bild_1-e1583329867126.jpg\" alt=\"\" data-id=\"161\" data-full-url=\"https:\/\/seg-ober-ramstadt.de\/wp-content\/uploads\/2020\/01\/Bild_1-e1583329867126.jpg\" data-link=\"https:\/\/seg-ober-ramstadt.de\/bild_1\/\" class=\"wp-image-161\"\/><\/a><\/figure><\/li><li class=\"blocks-gallery-item\"><figure><a href=\"https:\/\/seg-ober-ramstadt.de\/wp-content\/uploads\/2020\/03\/IMG_3805-1.jpg\"><img loading=\"lazy\" decoding=\"async\" width=\"642\" height=\"359\" src=\"https:\/\/seg-ober-ramstadt.de\/wp-content\/uploads\/2020\/03\/IMG_3805-1.jpg\" alt=\"\" data-id=\"427\" data-full-url=\"https:\/\/seg-ober-ramstadt.de\/wp-content\/uploads\/2020\/03\/IMG_3805-1.jpg\" data-link=\"https:\/\/seg-ober-ramstadt.de\/lorem-ipsum-dolor-2\/img_3805-2\/\" class=\"wp-image-427\" srcset=\"https:\/\/seg-ober-ramstadt.de\/wp-content\/uploads\/2020\/03\/IMG_3805-1.jpg 642w, https:\/\/seg-ober-ramstadt.de\/wp-content\/uploads\/2020\/03\/IMG_3805-1-300x168.jpg 300w\" sizes=\"auto, (max-width: 642px) 100vw, 642px\" \/><\/a><\/figure><\/li><li class=\"blocks-gallery-item\"><figure><a href=\"https:\/\/seg-ober-ramstadt.de\/wp-content\/uploads\/2020\/03\/130930Galerie3809.jpg\"><img loading=\"lazy\" decoding=\"async\" width=\"773\" height=\"514\" src=\"https:\/\/seg-ober-ramstadt.de\/wp-content\/uploads\/2020\/03\/130930Galerie3809.jpg\" alt=\"\" data-id=\"424\" data-full-url=\"https:\/\/seg-ober-ramstadt.de\/wp-content\/uploads\/2020\/03\/130930Galerie3809.jpg\" data-link=\"https:\/\/seg-ober-ramstadt.de\/miag-gelande\/luftbilder\/130930galerie3809\/\" class=\"wp-image-424\" srcset=\"https:\/\/seg-ober-ramstadt.de\/wp-content\/uploads\/2020\/03\/130930Galerie3809.jpg 773w, https:\/\/seg-ober-ramstadt.de\/wp-content\/uploads\/2020\/03\/130930Galerie3809-300x199.jpg 300w, https:\/\/seg-ober-ramstadt.de\/wp-content\/uploads\/2020\/03\/130930Galerie3809-768x511.jpg 768w\" sizes=\"auto, (max-width: 773px) 100vw, 773px\" \/><\/a><\/figure><\/li><\/ul><\/figure>\n\n\n\n<p>Im Jahr 2015 wurde von der Stadt Ober-Ramstadt f\u00fcr das MIAG-Gel\u00e4nde der Bebauungsplan \u201eIm Ochsenbruch <a href=\"https:\/\/seg-ober-ramstadt.de\/wp-content\/uploads\/2020\/05\/150728-MIAG-B-Plan-II.-\u00c4nderung.pdf\" target=\"_blank\" rel=\"noreferrer noopener\">2. \u00c4nderung<\/a>&#8220; beschlossen und ver\u00f6ffentlicht.<\/p>\n\n\n\n<p>(Bebauungsplan &#8222;Im Ochsenbruch <a href=\"https:\/\/seg-ober-ramstadt.de\/wp-content\/uploads\/2020\/05\/130206-B-Plan-Neu.pdf\" target=\"_blank\" rel=\"noreferrer noopener\">1.\u00c4nderung<\/a>&#8220; vom 08.03.2013)<\/p>\n\n\n\n<p>Ober-Ramstadt ist die Stadt der Farben \u2013 entsprechend wurde ein verbindliches <a rel=\"noreferrer noopener\" href=\"https:\/\/seg-ober-ramstadt.de\/wp-content\/uploads\/2020\/05\/V11-0303_Farbkonzept_11-05-12.pdf\" target=\"_blank\">Farbkonzept<\/a> f\u00fcr das MIAG-Gel\u00e4nde entwickelt und beschlossen.<\/p>\n\n\n\n<p>Die Nieder-Ramst\u00e4dter Diakonie <a href=\"https:\/\/www.nrd.de\/de\/\" target=\"_blank\" rel=\"noreferrer noopener\">NRD<\/a> hat auf dem MIAG-Gel\u00e4nde zwei Projekte f\u00fcr Menschen mit geistiger und k\u00f6rperlicher Behinderung realisiert.<\/p>\n","protected":false},"excerpt":{"rendered":"<p>Vom ehemaligen Industriegrundst\u00fcck zum lebendigen Stadtteil MIAG-Gel\u00e4nde \u2013 ein ehemaliges Industriegrundst\u00fcck mitten im Herzen der Stadt Ober-Ramstadt. Hier entstand ein lebendiges neues Stadtviertel zum Wohnen, Arbeiten und zur Erholung f\u00fcr junge und \u00e4ltere Menschen. Im Jahr 2015 wurde von der Stadt Ober-Ramstadt f\u00fcr das MIAG-Gel\u00e4nde der Bebauungsplan \u201eIm Ochsenbruch 2. \u00c4nderung&#8220; beschlossen und ver\u00f6ffentlicht. (Bebauungsplan [&hellip;]<\/p>\n","protected":false},"author":1,"featured_media":0,"parent":0,"menu_order":5,"comment_status":"closed","ping_status":"closed","template":"","meta":{"footnotes":""},"class_list":["post-8","page","type-page","status-publish","hentry"],"_links":{"self":[{"href":"https:\/\/seg-ober-ramstadt.de\/index.php?rest_route=\/wp\/v2\/pages\/8","targetHints":{"allow":["GET"]}}],"collection":[{"href":"https:\/\/seg-ober-ramstadt.de\/index.php?rest_route=\/wp\/v2\/pages"}],"about":[{"href":"https:\/\/seg-ober-ramstadt.de\/index.php?rest_route=\/wp\/v2\/types\/page"}],"author":[{"embeddable":true,"href":"https:\/\/seg-ober-ramstadt.de\/index.php?rest_route=\/wp\/v2\/users\/1"}],"replies":[{"embeddable":true,"href":"https:\/\/seg-ober-ramstadt.de\/index.php?rest_route=%2Fwp%2Fv2%2Fcomments&post=8"}],"version-history":[{"count":18,"href":"https:\/\/seg-ober-ramstadt.de\/index.php?rest_route=\/wp\/v2\/pages\/8\/revisions"}],"predecessor-version":[{"id":561,"href":"https:\/\/seg-ober-ramstadt.de\/index.php?rest_route=\/wp\/v2\/pages\/8\/revisions\/561"}],"wp:attachment":[{"href":"https:\/\/seg-ober-ramstadt.de\/index.php?rest_route=%2Fwp%2Fv2%2Fmedia&parent=8"}],"curies":[{"name":"wp","href":"https:\/\/api.w.org\/{rel}","templated":true}]}}